{"id":85,"date":"2016-10-20T09:07:41","date_gmt":"2016-10-20T09:07:41","guid":{"rendered":"http:\/\/tischlerei-dell-missier.de\/?page_id=85"},"modified":"2018-06-14T08:15:18","modified_gmt":"2018-06-14T08:15:18","slug":"impressum","status":"publish","type":"page","link":"https:\/\/tischlerei-dell-missier.de\/?page_id=85","title":{"rendered":"Impressum"},"content":{"rendered":"<p>[et_pb_section admin_label=&#8220;Sektion&#8220; fullwidth=&#8220;on&#8220; specialty=&#8220;off&#8220;][et_pb_fullwidth_image admin_label=&#8220;Volle Breite des Bildes&#8220; src=&#8220;http:\/\/tischlerei-dell-missier.de\/wp-content\/uploads\/2016\/05\/logokomplett-2.jpg&#8220; show_in_lightbox=&#8220;off&#8220; url_new_window=&#8220;off&#8220; use_overlay=&#8220;off&#8220; animation=&#8220;fade_in&#8220; use_border_color=&#8220;off&#8220; border_color=&#8220;#ffffff&#8220; border_style=&#8220;solid&#8220;] [\/et_pb_fullwidth_image][\/et_pb_section][et_pb_section admin_label=&#8220;section&#8220;][et_pb_row admin_label=&#8220;row&#8220;][et_pb_column type=&#8220;4_4&#8243;][et_pb_text admin_label=&#8220;Text&#8220; background_layout=&#8220;light&#8220; text_orientation=&#8220;left&#8220; use_border_color=&#8220;off&#8220; border_color=&#8220;#ffffff&#8220; border_style=&#8220;solid&#8220;]<\/p>\n<h3>Impressum\u00a0\u2013 Angaben gem\u00e4\u00df \u00a7 5 TMG:<\/h3>\n<p><b>Bernd Dell-Missier,\u00a0<\/b>Gewerbegebiet 8,\u00a025946 S\u00fcddorf auf Amrum<\/p>\n<h4>Kontakt:<\/h4>\n<table width=\"282\">\n<tbody>\n<tr>\n<td width=\"51\">Telefon:<\/td>\n<td width=\"159\">0\u200946\u200982\u2009-16\u200988<\/td>\n<\/tr>\n<tr>\n<td>Telefax:<\/td>\n<td>0\u200946\u200982-16\u200989<\/td>\n<\/tr>\n<tr>\n<td>E-Mail:<\/td>\n<td>dell-missier@t-online.de<\/td>\n<\/tr>\n<\/tbody>\n<\/table>\n<h4>Aufsichtsbeh\u00f6rde:<\/h4>\n<p>Handwerkskammer Flensburg Postfach 1738, 24907 Flensburg,\u00a0Nr.2110414520<\/p>\n<p>Innung Festland S\u00fcdtondern, F\u00f6hr und Amrum Rathausstr.19,25899 Nieb\u00fcll,\u00a0Nr.171010<\/p>\n<h4>Angaben zur Berufshaftpflichtversicherung:<\/h4>\n<p>Name und Sitz der Gesellschaft:<\/p>\n<h4>Quellenangaben f\u00fcr die verwendeten Bilder und Grafiken und Webdesign:<\/h4>\n<p>Peter L\u00fcckel,\u00a0<a href=\"http:\/\/www.paddel-grafik.de\/\" target=\"_blank\">Paddel Grafik Amrum<\/a><\/p>\n<p>Bild Stecheisen: Fotolia\/vkara<\/p>\n<p>Quelle:\u00a0Erstellt mit dem Impressum-Generator der Kanzlei Siebert\u00a0www.e-recht24.de<\/p>\n<h4>Haftungsausschluss:<\/h4>\n<p>Haftung f\u00fcr Inhalte<\/p>\n<p>Die Inhalte unserer Seiten wurden mit gr\u00f6\u00dfter Sorgfalt erstellt. F\u00fcr die Richtigkeit, Vollst\u00e4ndigkeit und Aktualit\u00e4t der Inhalte k\u00f6nnen wir jedoch keine Gew\u00e4hr \u00fcbernehmen. Als Diensteanbieter sind wir gem\u00e4\u00df \u00a7 7 Abs.1 TMG f\u00fcr eigene Inhalte auf diesen Seiten nach den allgemeinen Gesetzen verantwortlich. Nach \u00a7\u00a7 8 bis 10 TMG sind wir als Diensteanbieter jedoch nicht verpflichtet, \u00fcbermittelte oder gespeicherte fremde Informationen zu \u00fcberwachen oder nach Umst\u00e4nden zu forschen, die auf eine rechtswidrige T\u00e4tigkeit hinweisen. Verpflichtungen zur Entfernung oder Sperrung der Nutzung von Informationen nach den allgemeinen Gesetzen bleiben hiervon unber\u00fchrt. Eine diesbez\u00fcgliche Haftung ist jedoch erst ab dem Zeitpunkt der Kenntnis einer konkreten Rechtsverletzung m\u00f6glich. Bei Bekanntwerden von entsprechenden Rechtsverletzungen werden wir diese Inhalte umgehend entfernen.<\/p>\n<p>Haftung f\u00fcr Links<\/p>\n<p>Unser Angebot enth\u00e4lt Links zu externen Webseiten Dritter, auf deren Inhalte wir keinen Einfluss haben. Deshalb k\u00f6nnen wir f\u00fcr diese fremden Inhalte auch keine Gew\u00e4hr \u00fcbernehmen. F\u00fcr die Inhalte der verlinkten Seiten ist stets der jeweilige Anbieter oder Betreiber der Seiten verantwortlich. Die verlinkten Seiten wurden zum Zeitpunkt der Verlinkung auf m\u00f6gliche Rechtsverst\u00f6\u00dfe \u00fcberpr\u00fcft. Rechtswidrige Inhalte waren zum Zeitpunkt der Verlinkung nicht erkennbar. Eine permanente inhaltliche Kontrolle der verlinkten Seiten ist jedoch ohne konkrete Anhaltspunkte einer Rechtsverletzung nicht zumutbar. Bei Bekanntwerden von Rechtsverletzungen werden wir derartige Links umgehend entfernen.<\/p>\n<p>Urheberrecht<\/p>\n<p>Die durch die Seitenbetreiber erstellten Inhalte und Werke auf diesen Seiten unterliegen dem deutschen Urheberrecht. Die Vervielf\u00e4ltigung, Bearbeitung, Verbreitung und jede Art der Verwertung au\u00dferhalb der Grenzen des Urheberrechtes bed\u00fcrfen der schriftlichen Zustimmung des jeweiligen Autors bzw. Erstellers. Downloads und Kopien dieser Seite sind nur f\u00fcr den privaten, nicht kommerziellen Gebrauch gestattet. Soweit die Inhalte auf dieser Seite nicht vom Betreiber erstellt wurden, werden die Urheberrechte Dritter beachtet. Insbesondere werden Inhalte Dritter als solche gekennzeichnet. Sollten Sie trotzdem auf eine Urheberrechtsverletzung aufmerksam werden, bitten wir um einen entsprechenden Hinweis. Bei Bekanntwerden von Rechtsverletzungen werden wir derartige Inhalte umgehend entfernen.<\/p>\n<h1><\/h1>\n<p>[\/et_pb_text][\/et_pb_column][\/et_pb_row][\/et_pb_section]<\/p>\n","protected":false},"excerpt":{"rendered":"<p>Impressum\u00a0\u2013 Angaben gem\u00e4\u00df \u00a7 5 TMG: Bernd Dell-Missier,\u00a0Gewerbegebiet 8,\u00a025946 S\u00fcddorf auf Amrum Kontakt: Telefon: 0\u200946\u200982\u2009-16\u200988 Telefax: 0\u200946\u200982-16\u200989 E-Mail: dell-missier@t-online.de Aufsichtsbeh\u00f6rde: Handwerkskammer Flensburg Postfach 1738, 24907 Flensburg,\u00a0Nr.2110414520 Innung Festland S\u00fcdtondern, F\u00f6hr und Amrum Rathausstr.19,25899 Nieb\u00fcll,\u00a0Nr.171010 Angaben zur Berufshaftpflichtversicherung: Name und Sitz der Gesellschaft: Quellenangaben f\u00fcr die verwendeten Bilder und Grafiken und Webdesign: Peter L\u00fcckel,\u00a0Paddel Grafik Amrum [&hellip;]<\/p>\n","protected":false},"author":1,"featured_media":0,"parent":0,"menu_order":0,"comment_status":"closed","ping_status":"open","template":"","meta":{"_et_pb_use_builder":"on","_et_pb_old_content":"<p>This is an example page. It's different from a blog post because it will stay in one place and will show up in your site navigation (in most themes). Most people start with an About page that introduces them to potential site visitors. It might say something like this:<\/p><blockquote><p>Hi there! I'm a bike messenger by day, aspiring actor by night, and this is my website. I live in Los Angeles, have a great dog named Jack, and I like pi\u00f1a coladas. (And gettin' caught in the rain.)<\/p><\/blockquote><p>...or something like this:<\/p><blockquote><p>The XYZ Doohickey Company was founded in 1971, and has been providing quality doohickeys to the public ever since. Located in Gotham City, XYZ employs over 2,000 people and does all kinds of awesome things for the Gotham community.<\/p><\/blockquote><p>As a new WordPress user, you should go to <a href=\"http:\/\/wp452m.a10-52-158-154.qa.plesk.ru\/wordpress\/wp-admin\/\">your dashboard<\/a> to delete this page and create new pages for your content. Have fun!<\/p>","_et_gb_content_width":"","footnotes":""},"yoast_head":"<!-- This site is optimized with the Yoast SEO plugin v20.2.1 - https:\/\/yoast.com\/wordpress\/plugins\/seo\/ -->\n<title>Impressum - Tischlerei Dell-Missier Amrum<\/title>\n<meta name=\"robots\" content=\"index, follow, max-snippet:-1, max-image-preview:large, max-video-preview:-1\" \/>\n<link rel=\"canonical\" href=\"https:\/\/tischlerei-dell-missier.de\/?page_id=85\" \/>\n<meta property=\"og:locale\" content=\"de_DE\" \/>\n<meta property=\"og:type\" content=\"article\" \/>\n<meta property=\"og:title\" content=\"Impressum - Tischlerei Dell-Missier Amrum\" \/>\n<meta property=\"og:description\" content=\"Impressum\u00a0\u2013 Angaben gem\u00e4\u00df \u00a7 5 TMG: Bernd Dell-Missier,\u00a0Gewerbegebiet 8,\u00a025946 S\u00fcddorf auf Amrum Kontakt: Telefon: 0\u200946\u200982\u2009-16\u200988 Telefax: 0\u200946\u200982-16\u200989 E-Mail: dell-missier@t-online.de Aufsichtsbeh\u00f6rde: Handwerkskammer Flensburg Postfach 1738, 24907 Flensburg,\u00a0Nr.2110414520 Innung Festland S\u00fcdtondern, F\u00f6hr und Amrum Rathausstr.19,25899 Nieb\u00fcll,\u00a0Nr.171010 Angaben zur Berufshaftpflichtversicherung: Name und Sitz der Gesellschaft: Quellenangaben f\u00fcr die verwendeten Bilder und Grafiken und Webdesign: Peter L\u00fcckel,\u00a0Paddel Grafik Amrum [&hellip;]\" \/>\n<meta property=\"og:url\" content=\"https:\/\/tischlerei-dell-missier.de\/?page_id=85\" \/>\n<meta property=\"og:site_name\" content=\"Tischlerei Dell-Missier Amrum\" \/>\n<meta property=\"article:modified_time\" content=\"2018-06-14T08:15:18+00:00\" \/>\n<meta name=\"twitter:card\" content=\"summary_large_image\" \/>\n<meta name=\"twitter:label1\" content=\"Gesch\u00e4tzte Lesezeit\" \/>\n\t<meta name=\"twitter:data1\" content=\"3 Minuten\" \/>\n<script type=\"application\/ld+json\" class=\"yoast-schema-graph\">{\"@context\":\"https:\/\/schema.org\",\"@graph\":[{\"@type\":\"WebPage\",\"@id\":\"https:\/\/tischlerei-dell-missier.de\/?page_id=85\",\"url\":\"https:\/\/tischlerei-dell-missier.de\/?page_id=85\",\"name\":\"Impressum - Tischlerei Dell-Missier Amrum\",\"isPartOf\":{\"@id\":\"https:\/\/tischlerei-dell-missier.de\/#website\"},\"datePublished\":\"2016-10-20T09:07:41+00:00\",\"dateModified\":\"2018-06-14T08:15:18+00:00\",\"breadcrumb\":{\"@id\":\"https:\/\/tischlerei-dell-missier.de\/?page_id=85#breadcrumb\"},\"inLanguage\":\"de-DE\",\"potentialAction\":[{\"@type\":\"ReadAction\",\"target\":[\"https:\/\/tischlerei-dell-missier.de\/?page_id=85\"]}]},{\"@type\":\"BreadcrumbList\",\"@id\":\"https:\/\/tischlerei-dell-missier.de\/?page_id=85#breadcrumb\",\"itemListElement\":[{\"@type\":\"ListItem\",\"position\":1,\"name\":\"Startseite\",\"item\":\"https:\/\/tischlerei-dell-missier.de\/\"},{\"@type\":\"ListItem\",\"position\":2,\"name\":\"Impressum\"}]},{\"@type\":\"WebSite\",\"@id\":\"https:\/\/tischlerei-dell-missier.de\/#website\",\"url\":\"https:\/\/tischlerei-dell-missier.de\/\",\"name\":\"Tischlerei Dell-Missier Amrum\",\"description\":\"Tischlerei auf der Nordseeinsel Amrum\",\"potentialAction\":[{\"@type\":\"SearchAction\",\"target\":{\"@type\":\"EntryPoint\",\"urlTemplate\":\"https:\/\/tischlerei-dell-missier.de\/?s={search_term_string}\"},\"query-input\":\"required name=search_term_string\"}],\"inLanguage\":\"de-DE\"}]}<\/script>\n<!-- \/ Yoast SEO plugin. -->","yoast_head_json":{"title":"Impressum - Tischlerei Dell-Missier Amrum","robots":{"index":"index","follow":"follow","max-snippet":"max-snippet:-1","max-image-preview":"max-image-preview:large","max-video-preview":"max-video-preview:-1"},"canonical":"https:\/\/tischlerei-dell-missier.de\/?page_id=85","og_locale":"de_DE","og_type":"article","og_title":"Impressum - Tischlerei Dell-Missier Amrum","og_description":"Impressum\u00a0\u2013 Angaben gem\u00e4\u00df \u00a7 5 TMG: Bernd Dell-Missier,\u00a0Gewerbegebiet 8,\u00a025946 S\u00fcddorf auf Amrum Kontakt: Telefon: 0\u200946\u200982\u2009-16\u200988 Telefax: 0\u200946\u200982-16\u200989 E-Mail: dell-missier@t-online.de Aufsichtsbeh\u00f6rde: Handwerkskammer Flensburg Postfach 1738, 24907 Flensburg,\u00a0Nr.2110414520 Innung Festland S\u00fcdtondern, F\u00f6hr und Amrum Rathausstr.19,25899 Nieb\u00fcll,\u00a0Nr.171010 Angaben zur Berufshaftpflichtversicherung: Name und Sitz der Gesellschaft: Quellenangaben f\u00fcr die verwendeten Bilder und Grafiken und Webdesign: Peter L\u00fcckel,\u00a0Paddel Grafik Amrum [&hellip;]","og_url":"https:\/\/tischlerei-dell-missier.de\/?page_id=85","og_site_name":"Tischlerei Dell-Missier Amrum","article_modified_time":"2018-06-14T08:15:18+00:00","twitter_card":"summary_large_image","twitter_misc":{"Gesch\u00e4tzte Lesezeit":"3 Minuten"},"schema":{"@context":"https:\/\/schema.org","@graph":[{"@type":"WebPage","@id":"https:\/\/tischlerei-dell-missier.de\/?page_id=85","url":"https:\/\/tischlerei-dell-missier.de\/?page_id=85","name":"Impressum - Tischlerei Dell-Missier Amrum","isPartOf":{"@id":"https:\/\/tischlerei-dell-missier.de\/#website"},"datePublished":"2016-10-20T09:07:41+00:00","dateModified":"2018-06-14T08:15:18+00:00","breadcrumb":{"@id":"https:\/\/tischlerei-dell-missier.de\/?page_id=85#breadcrumb"},"inLanguage":"de-DE","potentialAction":[{"@type":"ReadAction","target":["https:\/\/tischlerei-dell-missier.de\/?page_id=85"]}]},{"@type":"BreadcrumbList","@id":"https:\/\/tischlerei-dell-missier.de\/?page_id=85#breadcrumb","itemListElement":[{"@type":"ListItem","position":1,"name":"Startseite","item":"https:\/\/tischlerei-dell-missier.de\/"},{"@type":"ListItem","position":2,"name":"Impressum"}]},{"@type":"WebSite","@id":"https:\/\/tischlerei-dell-missier.de\/#website","url":"https:\/\/tischlerei-dell-missier.de\/","name":"Tischlerei Dell-Missier Amrum","description":"Tischlerei auf der Nordseeinsel Amrum","potentialAction":[{"@type":"SearchAction","target":{"@type":"EntryPoint","urlTemplate":"https:\/\/tischlerei-dell-missier.de\/?s={search_term_string}"},"query-input":"required name=search_term_string"}],"inLanguage":"de-DE"}]}},"_links":{"self":[{"href":"https:\/\/tischlerei-dell-missier.de\/index.php?rest_route=\/wp\/v2\/pages\/85"}],"collection":[{"href":"https:\/\/tischlerei-dell-missier.de\/index.php?rest_route=\/wp\/v2\/pages"}],"about":[{"href":"https:\/\/tischlerei-dell-missier.de\/index.php?rest_route=\/wp\/v2\/types\/page"}],"author":[{"embeddable":true,"href":"https:\/\/tischlerei-dell-missier.de\/index.php?rest_route=\/wp\/v2\/users\/1"}],"replies":[{"embeddable":true,"href":"https:\/\/tischlerei-dell-missier.de\/index.php?rest_route=%2Fwp%2Fv2%2Fcomments&post=85"}],"version-history":[{"count":7,"href":"https:\/\/tischlerei-dell-missier.de\/index.php?rest_route=\/wp\/v2\/pages\/85\/revisions"}],"predecessor-version":[{"id":407,"href":"https:\/\/tischlerei-dell-missier.de\/index.php?rest_route=\/wp\/v2\/pages\/85\/revisions\/407"}],"wp:attachment":[{"href":"https:\/\/tischlerei-dell-missier.de\/index.php?rest_route=%2Fwp%2Fv2%2Fmedia&parent=85"}],"curies":[{"name":"wp","href":"https:\/\/api.w.org\/{rel}","templated":true}]}}